{"id":487,"date":"2021-04-29T07:04:54","date_gmt":"2021-04-29T07:04:54","guid":{"rendered":"http:\/\/pablodevispodologia.com\/index.php\/services\/"},"modified":"2026-03-17T13:37:10","modified_gmt":"2026-03-17T13:37:10","slug":"servicios","status":"publish","type":"page","link":"https:\/\/pablodevispodologia.com\/index.php\/servicios\/","title":{"rendered":"Servicios"},"content":{"rendered":"\t\t<div data-elementor-type=\"wp-page\" data-elementor-id=\"487\" class=\"elementor elementor-487\">\n\t\t\t\t\t\t<section class=\"elementor-section elementor-top-section elementor-element elementor-element-1387934 elementor-section-boxed elementor-section-height-default elementor-section-height-default\" data-id=\"1387934\" data-element_type=\"section\" data-e-type=\"section\">\n\t\t\t\t\t\t<div class=\"elementor-container elementor-column-gap-default\">\n\t\t\t\t\t<div class=\"elementor-column elementor-col-100 elementor-top-column elementor-element elementor-element-3e77986\" data-id=\"3e77986\" data-element_type=\"column\" data-e-type=\"column\">\n\t\t\t<div class=\"elementor-widget-wrap elementor-element-populated\">\n\t\t\t\t\t\t<div class=\"elementor-element elementor-element-ce4eb5b elementor-widget elementor-widget-spacer\" data-id=\"ce4eb5b\" data-element_type=\"widget\" data-e-type=\"widget\" data-widget_type=\"spacer.default\">\n\t\t\t\t<div class=\"elementor-widget-container\">\n\t\t\t\t\t\t\t<div class=\"elementor-spacer\">\n\t\t\t<div class=\"elementor-spacer-inner\"><\/div>\n\t\t<\/div>\n\t\t\t\t\t\t<\/div>\n\t\t\t\t<\/div>\n\t\t\t\t<div class=\"elementor-element elementor-element-813232a elementor-widget elementor-widget-text-editor\" data-id=\"813232a\" data-element_type=\"widget\" data-e-type=\"widget\" data-widget_type=\"text-editor.default\">\n\t\t\t\t<div class=\"elementor-widget-container\">\n\t\t\t\t\t\t\t\t\t<h1>Servicios podol\u00f3gicos<\/h1>\t\t\t\t\t\t\t\t<\/div>\n\t\t\t\t<\/div>\n\t\t\t\t<div class=\"elementor-element elementor-element-18a2e92 elementor-widget elementor-widget-text-editor\" data-id=\"18a2e92\" data-element_type=\"widget\" data-e-type=\"widget\" data-widget_type=\"text-editor.default\">\n\t\t\t\t<div class=\"elementor-widget-container\">\n\t\t\t\t\t\t\t\t\t<h2>Tratamientos y especialidades en podolog\u00eda<\/h2>\t\t\t\t\t\t\t\t<\/div>\n\t\t\t\t<\/div>\n\t\t\t\t<section class=\"elementor-section elementor-inner-section elementor-element elementor-element-e2efd28 elementor-section-boxed elementor-section-height-default elementor-section-height-default\" data-id=\"e2efd28\" data-element_type=\"section\" data-e-type=\"section\">\n\t\t\t\t\t\t<div class=\"elementor-container elementor-column-gap-wide\">\n\t\t\t\t\t<div class=\"elementor-column elementor-col-33 elementor-inner-column elementor-element elementor-element-ae45853\" data-id=\"ae45853\" data-element_type=\"column\" data-e-type=\"column\" data-settings=\"{&quot;background_background&quot;:&quot;classic&quot;}\">\n\t\t\t<div class=\"elementor-widget-wrap elementor-element-populated\">\n\t\t\t\t\t\t<div class=\"elementor-element elementor-element-ae55ed4 elementor-widget elementor-widget-image\" data-id=\"ae55ed4\" data-element_type=\"widget\" data-e-type=\"widget\" data-widget_type=\"image.default\">\n\t\t\t\t<div class=\"elementor-widget-container\">\n\t\t\t\t\t\t\t\t\t\t\t\t\t\t\t<img fetchpriority=\"high\" decoding=\"async\" width=\"800\" height=\"740\" src=\"https:\/\/pablodevispodologia.com\/wp-content\/uploads\/2022\/11\/podo-general.jpg\" class=\"attachment-large size-large wp-image-496\" alt=\"Servicio de podolog\u00eda general con la Cl\u00ednica Podol\u00f3gica Pablo P\u00e9rez Devis, Aspe.\" srcset=\"https:\/\/pablodevispodologia.com\/wp-content\/uploads\/2022\/11\/podo-general.jpg 800w, https:\/\/pablodevispodologia.com\/wp-content\/uploads\/2022\/11\/podo-general-300x278.jpg 300w, https:\/\/pablodevispodologia.com\/wp-content\/uploads\/2022\/11\/podo-general-768x710.jpg 768w\" sizes=\"(max-width: 800px) 100vw, 800px\" \/>\t\t\t\t\t\t\t\t\t\t\t\t\t\t\t<\/div>\n\t\t\t\t<\/div>\n\t\t\t\t<div class=\"elementor-element elementor-element-ebc41f4 elementor-widget elementor-widget-heading\" data-id=\"ebc41f4\" data-element_type=\"widget\" data-e-type=\"widget\" data-widget_type=\"heading.default\">\n\t\t\t\t<div class=\"elementor-widget-container\">\n\t\t\t\t\t<h3 class=\"elementor-heading-title elementor-size-default\">Podolog\u00eda general<\/h3>\t\t\t\t<\/div>\n\t\t\t\t<\/div>\n\t\t\t\t<div class=\"elementor-element elementor-element-0a80440 elementor-widget elementor-widget-text-editor\" data-id=\"0a80440\" data-element_type=\"widget\" data-e-type=\"widget\" data-widget_type=\"text-editor.default\">\n\t\t\t\t<div class=\"elementor-widget-container\">\n\t\t\t\t\t\t\t\t\t<p><span style=\"color: #1e1e1e; font-family: -apple-system, BlinkMacSystemFont, 'Segoe UI', Roboto, Helvetica, Arial, sans-serif, 'Apple Color Emoji', 'Segoe UI Emoji', 'Segoe UI Symbol'; text-align: center;\">Hiperqueratosis (durezas), Helomas (callos), Papiloma o Verruga Plantar, Pi\u00e9 de atleta, Onicocriptosis (u\u00f1a encarnada), Onicogrifosis (u\u00f1a engrosada), Hongos o micosis, Ortesis de silicona.<\/span><\/p>\t\t\t\t\t\t\t\t<\/div>\n\t\t\t\t<\/div>\n\t\t\t\t<div class=\"elementor-element elementor-element-b8eab42 elementor-align-center elementor-widget elementor-widget-button\" data-id=\"b8eab42\" data-element_type=\"widget\" data-e-type=\"widget\" data-widget_type=\"button.default\">\n\t\t\t\t<div class=\"elementor-widget-container\">\n\t\t\t\t\t\t\t\t\t<div class=\"elementor-button-wrapper\">\n\t\t\t\t\t<a class=\"elementor-button elementor-button-link elementor-size-sm elementor-animation-shrink\" href=\"https:\/\/pablodevispodologia.com\/index.php\/la-importancia-de-visitar-al-podologo\/\">\n\t\t\t\t\t\t<span class=\"elementor-button-content-wrapper\">\n\t\t\t\t\t\t\t\t\t<span class=\"elementor-button-text\">Saber m\u00e1s<\/span>\n\t\t\t\t\t<\/span>\n\t\t\t\t\t<\/a>\n\t\t\t\t<\/div>\n\t\t\t\t\t\t\t\t<\/div>\n\t\t\t\t<\/div>\n\t\t\t\t\t<\/div>\n\t\t<\/div>\n\t\t\t\t<div class=\"elementor-column elementor-col-33 elementor-inner-column elementor-element elementor-element-8f027ad\" data-id=\"8f027ad\" data-element_type=\"column\" data-e-type=\"column\" data-settings=\"{&quot;background_background&quot;:&quot;classic&quot;}\">\n\t\t\t<div class=\"elementor-widget-wrap elementor-element-populated\">\n\t\t\t\t\t\t<div class=\"elementor-element elementor-element-788b49f elementor-widget elementor-widget-image\" data-id=\"788b49f\" data-element_type=\"widget\" data-e-type=\"widget\" data-widget_type=\"image.default\">\n\t\t\t\t<div class=\"elementor-widget-container\">\n\t\t\t\t\t\t\t\t\t\t\t\t\t\t\t<img decoding=\"async\" width=\"800\" height=\"549\" src=\"https:\/\/pablodevispodologia.com\/wp-content\/uploads\/2022\/11\/deportiva.jpg\" class=\"attachment-large size-large wp-image-501\" alt=\"Servicio de podolog\u00eda deportiva con la Cl\u00ednica Podol\u00f3gica Pablo P\u00e9rez Deviz, Aspe\" srcset=\"https:\/\/pablodevispodologia.com\/wp-content\/uploads\/2022\/11\/deportiva.jpg 800w, https:\/\/pablodevispodologia.com\/wp-content\/uploads\/2022\/11\/deportiva-300x206.jpg 300w, https:\/\/pablodevispodologia.com\/wp-content\/uploads\/2022\/11\/deportiva-768x527.jpg 768w\" sizes=\"(max-width: 800px) 100vw, 800px\" \/>\t\t\t\t\t\t\t\t\t\t\t\t\t\t\t<\/div>\n\t\t\t\t<\/div>\n\t\t\t\t<div class=\"elementor-element elementor-element-c7e4a53 elementor-widget elementor-widget-heading\" data-id=\"c7e4a53\" data-element_type=\"widget\" data-e-type=\"widget\" data-widget_type=\"heading.default\">\n\t\t\t\t<div class=\"elementor-widget-container\">\n\t\t\t\t\t<h3 class=\"elementor-heading-title elementor-size-default\">Podolog\u00eda deportiva<\/h3>\t\t\t\t<\/div>\n\t\t\t\t<\/div>\n\t\t\t\t<div class=\"elementor-element elementor-element-ba5c155 elementor-widget elementor-widget-text-editor\" data-id=\"ba5c155\" data-element_type=\"widget\" data-e-type=\"widget\" data-widget_type=\"text-editor.default\">\n\t\t\t\t<div class=\"elementor-widget-container\">\n\t\t\t\t\t\t\t\t\t<p>La podolog\u00eda deportiva conlleva numerosos beneficios, entre los que se encuentran: mejorar el rendimiento y evitar un n\u00famero importante de lesiones relacionadas con la forma de caminar, la pisada y la forma de correr.<\/p>\t\t\t\t\t\t\t\t<\/div>\n\t\t\t\t<\/div>\n\t\t\t\t<div class=\"elementor-element elementor-element-f670170 elementor-align-center elementor-widget elementor-widget-button\" data-id=\"f670170\" data-element_type=\"widget\" data-e-type=\"widget\" data-settings=\"{&quot;_animation&quot;:&quot;none&quot;}\" data-widget_type=\"button.default\">\n\t\t\t\t<div class=\"elementor-widget-container\">\n\t\t\t\t\t\t\t\t\t<div class=\"elementor-button-wrapper\">\n\t\t\t\t\t<a class=\"elementor-button elementor-button-link elementor-size-sm elementor-animation-shrink\" href=\"https:\/\/pablodevispodologia.com\/index.php\/podologia-deportiva\/\">\n\t\t\t\t\t\t<span class=\"elementor-button-content-wrapper\">\n\t\t\t\t\t\t\t\t\t<span class=\"elementor-button-text\">Saber m\u00e1s<\/span>\n\t\t\t\t\t<\/span>\n\t\t\t\t\t<\/a>\n\t\t\t\t<\/div>\n\t\t\t\t\t\t\t\t<\/div>\n\t\t\t\t<\/div>\n\t\t\t\t\t<\/div>\n\t\t<\/div>\n\t\t\t\t<div class=\"elementor-column elementor-col-33 elementor-inner-column elementor-element elementor-element-96b261d\" data-id=\"96b261d\" data-element_type=\"column\" data-e-type=\"column\" data-settings=\"{&quot;background_background&quot;:&quot;classic&quot;}\">\n\t\t\t<div class=\"elementor-widget-wrap elementor-element-populated\">\n\t\t\t\t\t\t<div class=\"elementor-element elementor-element-7977ab9 elementor-widget elementor-widget-image\" data-id=\"7977ab9\" data-element_type=\"widget\" data-e-type=\"widget\" data-widget_type=\"image.default\">\n\t\t\t\t<div class=\"elementor-widget-container\">\n\t\t\t\t\t\t\t\t\t\t\t\t\t\t\t<img decoding=\"async\" width=\"850\" height=\"850\" src=\"https:\/\/pablodevispodologia.com\/wp-content\/uploads\/2022\/11\/ciru.jpg\" class=\"attachment-large size-large wp-image-523\" alt=\"Servicio de terapia infiltrativa local con la Cl\u00ednica Podol\u00f3gica Pablo P\u00e9rez Deviz, Aspe\" srcset=\"https:\/\/pablodevispodologia.com\/wp-content\/uploads\/2022\/11\/ciru.jpg 850w, https:\/\/pablodevispodologia.com\/wp-content\/uploads\/2022\/11\/ciru-300x300.jpg 300w, https:\/\/pablodevispodologia.com\/wp-content\/uploads\/2022\/11\/ciru-150x150.jpg 150w, https:\/\/pablodevispodologia.com\/wp-content\/uploads\/2022\/11\/ciru-768x768.jpg 768w\" sizes=\"(max-width: 850px) 100vw, 850px\" \/>\t\t\t\t\t\t\t\t\t\t\t\t\t\t\t<\/div>\n\t\t\t\t<\/div>\n\t\t\t\t<div class=\"elementor-element elementor-element-48a316b elementor-widget elementor-widget-heading\" data-id=\"48a316b\" data-element_type=\"widget\" data-e-type=\"widget\" data-widget_type=\"heading.default\">\n\t\t\t\t<div class=\"elementor-widget-container\">\n\t\t\t\t\t<h3 class=\"elementor-heading-title elementor-size-default\">Terapia infiltrativa local<\/h3>\t\t\t\t<\/div>\n\t\t\t\t<\/div>\n\t\t\t\t<div class=\"elementor-element elementor-element-2c9907c elementor-widget elementor-widget-text-editor\" data-id=\"2c9907c\" data-element_type=\"widget\" data-e-type=\"widget\" data-widget_type=\"text-editor.default\">\n\t\t\t\t<div class=\"elementor-widget-container\">\n\t\t\t\t\t\t\t\t\t<p>Las infiltraciones tienen diversas finalidades, una de ellas es reducir la inflamaci\u00f3n del tejido da\u00f1ado. Por lo tanto, esto hace que tambi\u00e9n tengan una acci\u00f3n terap\u00e9utica. Aunque tambi\u00e9n favorecen la recuperaci\u00f3n funcional del paciente evitando recurrir a otros tratamientos m\u00e1s agresivos.<\/p>\t\t\t\t\t\t\t\t<\/div>\n\t\t\t\t<\/div>\n\t\t\t\t<div class=\"elementor-element elementor-element-633711f elementor-align-center elementor-widget elementor-widget-button\" data-id=\"633711f\" data-element_type=\"widget\" data-e-type=\"widget\" data-settings=\"{&quot;_animation&quot;:&quot;none&quot;}\" data-widget_type=\"button.default\">\n\t\t\t\t<div class=\"elementor-widget-container\">\n\t\t\t\t\t\t\t\t\t<div class=\"elementor-button-wrapper\">\n\t\t\t\t\t<a class=\"elementor-button elementor-button-link elementor-size-sm elementor-animation-shrink\" href=\"https:\/\/pablodevispodologia.com\/index.php\/elementor-1189\/\">\n\t\t\t\t\t\t<span class=\"elementor-button-content-wrapper\">\n\t\t\t\t\t\t\t\t\t<span class=\"elementor-button-text\">Saber m\u00e1s<\/span>\n\t\t\t\t\t<\/span>\n\t\t\t\t\t<\/a>\n\t\t\t\t<\/div>\n\t\t\t\t\t\t\t\t<\/div>\n\t\t\t\t<\/div>\n\t\t\t\t\t<\/div>\n\t\t<\/div>\n\t\t\t\t\t<\/div>\n\t\t<\/section>\n\t\t\t\t<section class=\"elementor-section elementor-inner-section elementor-element elementor-element-6d5f91f elementor-section-boxed elementor-section-height-default elementor-section-height-default\" data-id=\"6d5f91f\" data-element_type=\"section\" data-e-type=\"section\">\n\t\t\t\t\t\t<div class=\"elementor-container elementor-column-gap-wide\">\n\t\t\t\t\t<div class=\"elementor-column elementor-col-33 elementor-inner-column elementor-element elementor-element-4839197\" data-id=\"4839197\" data-element_type=\"column\" data-e-type=\"column\" data-settings=\"{&quot;background_background&quot;:&quot;classic&quot;}\">\n\t\t\t<div class=\"elementor-widget-wrap elementor-element-populated\">\n\t\t\t\t\t\t<div class=\"elementor-element elementor-element-7067948 elementor-widget elementor-widget-image\" data-id=\"7067948\" data-element_type=\"widget\" data-e-type=\"widget\" data-widget_type=\"image.default\">\n\t\t\t\t<div class=\"elementor-widget-container\">\n\t\t\t\t\t\t\t\t\t\t\t\t\t\t\t<img loading=\"lazy\" decoding=\"async\" width=\"450\" height=\"267\" src=\"https:\/\/pablodevispodologia.com\/wp-content\/uploads\/2022\/11\/diabe.jpg\" class=\"attachment-large size-large wp-image-610\" alt=\"Tratamiento de pie diab\u00e9tico con la Cl\u00ednica Podol\u00f3gica Pablo P\u00e9rez Deviz, Aspe\" srcset=\"https:\/\/pablodevispodologia.com\/wp-content\/uploads\/2022\/11\/diabe.jpg 450w, https:\/\/pablodevispodologia.com\/wp-content\/uploads\/2022\/11\/diabe-300x178.jpg 300w\" sizes=\"(max-width: 450px) 100vw, 450px\" \/>\t\t\t\t\t\t\t\t\t\t\t\t\t\t\t<\/div>\n\t\t\t\t<\/div>\n\t\t\t\t<div class=\"elementor-element elementor-element-9e51094 elementor-widget elementor-widget-heading\" data-id=\"9e51094\" data-element_type=\"widget\" data-e-type=\"widget\" data-widget_type=\"heading.default\">\n\t\t\t\t<div class=\"elementor-widget-container\">\n\t\t\t\t\t<h3 class=\"elementor-heading-title elementor-size-default\">Pie diab\u00e9tico\n<\/h3>\t\t\t\t<\/div>\n\t\t\t\t<\/div>\n\t\t\t\t<div class=\"elementor-element elementor-element-0a65b3c elementor-widget elementor-widget-text-editor\" data-id=\"0a65b3c\" data-element_type=\"widget\" data-e-type=\"widget\" data-widget_type=\"text-editor.default\">\n\t\t\t\t<div class=\"elementor-widget-container\">\n\t\t\t\t\t\t\t\t\t<p>La diabetes mellitus representa una patolog\u00eda que afecta a un elevado n\u00famero de la poblaci\u00f3n y una de sus repercusiones es la afectaci\u00f3n a nivel del pie.<\/p><p>Las\u00a0lesiones ulcerosas del pie diab\u00e9tico, son heridas generalmente cr\u00f3nicas y complejas que alteran no solo la calidad de vida del paciente que las presenta\u00a0 sino su morbilidad y mortalidad a largo plazo.<\/p>\t\t\t\t\t\t\t\t<\/div>\n\t\t\t\t<\/div>\n\t\t\t\t<div class=\"elementor-element elementor-element-d9066c0 elementor-align-center elementor-widget elementor-widget-button\" data-id=\"d9066c0\" data-element_type=\"widget\" data-e-type=\"widget\" data-widget_type=\"button.default\">\n\t\t\t\t<div class=\"elementor-widget-container\">\n\t\t\t\t\t\t\t\t\t<div class=\"elementor-button-wrapper\">\n\t\t\t\t\t<a class=\"elementor-button elementor-button-link elementor-size-sm elementor-animation-shrink\" href=\"https:\/\/pablodevispodologia.com\/index.php\/cuidados-y-recomendaciones-del-pie-diabetico\/\">\n\t\t\t\t\t\t<span class=\"elementor-button-content-wrapper\">\n\t\t\t\t\t\t\t\t\t<span class=\"elementor-button-text\">Saber m\u00e1s<\/span>\n\t\t\t\t\t<\/span>\n\t\t\t\t\t<\/a>\n\t\t\t\t<\/div>\n\t\t\t\t\t\t\t\t<\/div>\n\t\t\t\t<\/div>\n\t\t\t\t<div class=\"elementor-element elementor-element-6ab89b3 elementor-widget elementor-widget-spacer\" data-id=\"6ab89b3\" data-element_type=\"widget\" data-e-type=\"widget\" data-widget_type=\"spacer.default\">\n\t\t\t\t<div class=\"elementor-widget-container\">\n\t\t\t\t\t\t\t<div class=\"elementor-spacer\">\n\t\t\t<div class=\"elementor-spacer-inner\"><\/div>\n\t\t<\/div>\n\t\t\t\t\t\t<\/div>\n\t\t\t\t<\/div>\n\t\t\t\t\t<\/div>\n\t\t<\/div>\n\t\t\t\t<div class=\"elementor-column elementor-col-33 elementor-inner-column elementor-element elementor-element-65f6e35\" data-id=\"65f6e35\" data-element_type=\"column\" data-e-type=\"column\" data-settings=\"{&quot;background_background&quot;:&quot;classic&quot;}\">\n\t\t\t<div class=\"elementor-widget-wrap elementor-element-populated\">\n\t\t\t\t\t\t<div class=\"elementor-element elementor-element-f26791f elementor-widget elementor-widget-image\" data-id=\"f26791f\" data-element_type=\"widget\" data-e-type=\"widget\" data-widget_type=\"image.default\">\n\t\t\t\t<div class=\"elementor-widget-container\">\n\t\t\t\t\t\t\t\t\t\t\t\t\t\t\t<img loading=\"lazy\" decoding=\"async\" width=\"1024\" height=\"576\" src=\"https:\/\/pablodevispodologia.com\/wp-content\/uploads\/2022\/11\/infantl-1024x576.jpg\" class=\"attachment-large size-large wp-image-521\" alt=\"Pod\u00f3logo infantil en Aspe. Imagen de pies de un ni\u00f1o peque\u00f1o\" srcset=\"https:\/\/pablodevispodologia.com\/wp-content\/uploads\/2022\/11\/infantl-1024x576.jpg 1024w, https:\/\/pablodevispodologia.com\/wp-content\/uploads\/2022\/11\/infantl-300x169.jpg 300w, https:\/\/pablodevispodologia.com\/wp-content\/uploads\/2022\/11\/infantl-768x432.jpg 768w, https:\/\/pablodevispodologia.com\/wp-content\/uploads\/2022\/11\/infantl-1536x864.jpg 1536w, https:\/\/pablodevispodologia.com\/wp-content\/uploads\/2022\/11\/infantl.jpg 1920w\" sizes=\"(max-width: 1024px) 100vw, 1024px\" \/>\t\t\t\t\t\t\t\t\t\t\t\t\t\t\t<\/div>\n\t\t\t\t<\/div>\n\t\t\t\t<div class=\"elementor-element elementor-element-4a91a1b elementor-widget elementor-widget-heading\" data-id=\"4a91a1b\" data-element_type=\"widget\" data-e-type=\"widget\" data-widget_type=\"heading.default\">\n\t\t\t\t<div class=\"elementor-widget-container\">\n\t\t\t\t\t<h3 class=\"elementor-heading-title elementor-size-default\">Podolog\u00eda infantil\n<\/h3>\t\t\t\t<\/div>\n\t\t\t\t<\/div>\n\t\t\t\t<div class=\"elementor-element elementor-element-8aa62e6 elementor-widget elementor-widget-text-editor\" data-id=\"8aa62e6\" data-element_type=\"widget\" data-e-type=\"widget\" data-widget_type=\"text-editor.default\">\n\t\t\t\t<div class=\"elementor-widget-container\">\n\t\t\t\t\t\t\t\t\t<p>En la evoluci\u00f3n natural del ni\u00f1o, es importante revisar sus pies y su forma de caminar por un experto sobre todo a partir de los 3 a\u00f1os. Un diagnostico temprano nos va a permitir poder corregir a tiempo posibles patolog\u00edas.<\/p>\t\t\t\t\t\t\t\t<\/div>\n\t\t\t\t<\/div>\n\t\t\t\t<div class=\"elementor-element elementor-element-7af9fe5 elementor-align-center elementor-widget elementor-widget-button\" data-id=\"7af9fe5\" data-element_type=\"widget\" data-e-type=\"widget\" data-widget_type=\"button.default\">\n\t\t\t\t<div class=\"elementor-widget-container\">\n\t\t\t\t\t\t\t\t\t<div class=\"elementor-button-wrapper\">\n\t\t\t\t\t<a class=\"elementor-button elementor-button-link elementor-size-sm elementor-animation-shrink\" href=\"https:\/\/pablodevispodologia.com\/index.php\/podologia-pediatrica\/\">\n\t\t\t\t\t\t<span class=\"elementor-button-content-wrapper\">\n\t\t\t\t\t\t\t\t\t<span class=\"elementor-button-text\">Saber m\u00e1s<\/span>\n\t\t\t\t\t<\/span>\n\t\t\t\t\t<\/a>\n\t\t\t\t<\/div>\n\t\t\t\t\t\t\t\t<\/div>\n\t\t\t\t<\/div>\n\t\t\t\t\t<\/div>\n\t\t<\/div>\n\t\t\t\t<div class=\"elementor-column elementor-col-33 elementor-inner-column elementor-element elementor-element-9daada4\" data-id=\"9daada4\" data-element_type=\"column\" data-e-type=\"column\" data-settings=\"{&quot;background_background&quot;:&quot;classic&quot;}\">\n\t\t\t<div class=\"elementor-widget-wrap elementor-element-populated\">\n\t\t\t\t\t\t<div class=\"elementor-element elementor-element-140e007 elementor-widget elementor-widget-image\" data-id=\"140e007\" data-element_type=\"widget\" data-e-type=\"widget\" data-widget_type=\"image.default\">\n\t\t\t\t<div class=\"elementor-widget-container\">\n\t\t\t\t\t\t\t\t\t\t\t\t\t\t\t<img loading=\"lazy\" decoding=\"async\" width=\"1024\" height=\"682\" src=\"https:\/\/pablodevispodologia.com\/wp-content\/uploads\/2022\/11\/plan-1024x682.jpg\" class=\"attachment-large size-large wp-image-638\" alt=\"Plantillas ortop\u00e9dicas a medida con la Cl\u00ednica Podol\u00f3gica Pablo P\u00e9rez Deviz, Aspe\" srcset=\"https:\/\/pablodevispodologia.com\/wp-content\/uploads\/2022\/11\/plan-1024x682.jpg 1024w, https:\/\/pablodevispodologia.com\/wp-content\/uploads\/2022\/11\/plan-300x200.jpg 300w, https:\/\/pablodevispodologia.com\/wp-content\/uploads\/2022\/11\/plan-768x512.jpg 768w, https:\/\/pablodevispodologia.com\/wp-content\/uploads\/2022\/11\/plan-1536x1024.jpg 1536w, https:\/\/pablodevispodologia.com\/wp-content\/uploads\/2022\/11\/plan.jpg 2000w\" sizes=\"(max-width: 1024px) 100vw, 1024px\" \/>\t\t\t\t\t\t\t\t\t\t\t\t\t\t\t<\/div>\n\t\t\t\t<\/div>\n\t\t\t\t<div class=\"elementor-element elementor-element-a3c2dc5 elementor-widget elementor-widget-heading\" data-id=\"a3c2dc5\" data-element_type=\"widget\" data-e-type=\"widget\" data-widget_type=\"heading.default\">\n\t\t\t\t<div class=\"elementor-widget-container\">\n\t\t\t\t\t<h3 class=\"elementor-heading-title elementor-size-default\">Plantillas personalizadas<\/h3>\t\t\t\t<\/div>\n\t\t\t\t<\/div>\n\t\t\t\t<div class=\"elementor-element elementor-element-2a69cce elementor-widget elementor-widget-text-editor\" data-id=\"2a69cce\" data-element_type=\"widget\" data-e-type=\"widget\" data-widget_type=\"text-editor.default\">\n\t\t\t\t<div class=\"elementor-widget-container\">\n\t\t\t\t\t\t\t\t\t<p>Las plantillas mecanizadas son la soluci\u00f3n a muchas y variadas patolog\u00edas del pie. El \u00e9xito de este tipo de tratamiento depende de la personalizaci\u00f3n y adaptaci\u00f3n al pie y patolog\u00eda de cada paciente, as\u00ed como de la calidad de los materiales y la ejecuci\u00f3n de las plantillas.<\/p>\t\t\t\t\t\t\t\t<\/div>\n\t\t\t\t<\/div>\n\t\t\t\t<div class=\"elementor-element elementor-element-c2ca76c elementor-widget elementor-widget-spacer\" data-id=\"c2ca76c\" data-element_type=\"widget\" data-e-type=\"widget\" data-widget_type=\"spacer.default\">\n\t\t\t\t<div class=\"elementor-widget-container\">\n\t\t\t\t\t\t\t<div class=\"elementor-spacer\">\n\t\t\t<div class=\"elementor-spacer-inner\"><\/div>\n\t\t<\/div>\n\t\t\t\t\t\t<\/div>\n\t\t\t\t<\/div>\n\t\t\t\t\t<\/div>\n\t\t<\/div>\n\t\t\t\t\t<\/div>\n\t\t<\/section>\n\t\t\t\t<section class=\"elementor-section elementor-inner-section elementor-element elementor-element-30bcc17 elementor-section-boxed elementor-section-height-default elementor-section-height-default\" data-id=\"30bcc17\" data-element_type=\"section\" data-e-type=\"section\">\n\t\t\t\t\t\t<div class=\"elementor-container elementor-column-gap-wide\">\n\t\t\t\t\t<div class=\"elementor-column elementor-col-33 elementor-inner-column elementor-element elementor-element-2fe1a8d\" data-id=\"2fe1a8d\" data-element_type=\"column\" data-e-type=\"column\" data-settings=\"{&quot;background_background&quot;:&quot;classic&quot;}\">\n\t\t\t<div class=\"elementor-widget-wrap elementor-element-populated\">\n\t\t\t\t\t\t<div class=\"elementor-element elementor-element-bbce894 elementor-widget elementor-widget-image\" data-id=\"bbce894\" data-element_type=\"widget\" data-e-type=\"widget\" data-widget_type=\"image.default\">\n\t\t\t\t<div class=\"elementor-widget-container\">\n\t\t\t\t\t\t\t\t\t\t\t\t\t\t\t<img loading=\"lazy\" decoding=\"async\" width=\"820\" height=\"546\" src=\"https:\/\/pablodevispodologia.com\/wp-content\/uploads\/2022\/11\/domi.jpg\" class=\"attachment-large size-large wp-image-615\" alt=\"Servicio de podolog\u00eda a domicilio con la Cl\u00ednica Podol\u00f3gica Pablo P\u00e9rez Deviz, Aspe\" srcset=\"https:\/\/pablodevispodologia.com\/wp-content\/uploads\/2022\/11\/domi.jpg 820w, https:\/\/pablodevispodologia.com\/wp-content\/uploads\/2022\/11\/domi-300x200.jpg 300w, https:\/\/pablodevispodologia.com\/wp-content\/uploads\/2022\/11\/domi-768x511.jpg 768w\" sizes=\"(max-width: 820px) 100vw, 820px\" \/>\t\t\t\t\t\t\t\t\t\t\t\t\t\t\t<\/div>\n\t\t\t\t<\/div>\n\t\t\t\t<div class=\"elementor-element elementor-element-2d42357 elementor-widget elementor-widget-heading\" data-id=\"2d42357\" data-element_type=\"widget\" data-e-type=\"widget\" data-widget_type=\"heading.default\">\n\t\t\t\t<div class=\"elementor-widget-container\">\n\t\t\t\t\t<h3 class=\"elementor-heading-title elementor-size-default\">Podolog\u00eda a domicilio\n<\/h3>\t\t\t\t<\/div>\n\t\t\t\t<\/div>\n\t\t\t\t<div class=\"elementor-element elementor-element-6b955df elementor-widget elementor-widget-text-editor\" data-id=\"6b955df\" data-element_type=\"widget\" data-e-type=\"widget\" data-widget_type=\"text-editor.default\">\n\t\t\t\t<div class=\"elementor-widget-container\">\n\t\t\t\t\t\t\t\t\t<p>Nos desplazamos hasta el domicilio del paciente y realizamos servicios quiropodol\u00f3gicos siempre mediante cita previa o mediante el formulario de contacto, donde confirmaremos la cita.<\/p><p>El material y todo lo necesario para llevar a cabo el servicio corre por cuenta del pod\u00f3logo as\u00ed como el desplazamiento hasta el domicilio y todo est\u00e1 incluido en el precio del servicio.<\/p>\t\t\t\t\t\t\t\t<\/div>\n\t\t\t\t<\/div>\n\t\t\t\t\t<\/div>\n\t\t<\/div>\n\t\t\t\t<div class=\"elementor-column elementor-col-33 elementor-inner-column elementor-element elementor-element-c0bdd1a\" data-id=\"c0bdd1a\" data-element_type=\"column\" data-e-type=\"column\" data-settings=\"{&quot;background_background&quot;:&quot;classic&quot;}\">\n\t\t\t<div class=\"elementor-widget-wrap elementor-element-populated\">\n\t\t\t\t\t\t<div class=\"elementor-element elementor-element-78a4bb8 elementor-widget elementor-widget-image\" data-id=\"78a4bb8\" data-element_type=\"widget\" data-e-type=\"widget\" data-widget_type=\"image.default\">\n\t\t\t\t<div class=\"elementor-widget-container\">\n\t\t\t\t\t\t\t\t\t\t\t\t\t\t\t<img loading=\"lazy\" decoding=\"async\" width=\"1024\" height=\"1024\" src=\"https:\/\/pablodevispodologia.com\/wp-content\/uploads\/2022\/11\/bio-1024x1024.png\" class=\"attachment-large size-large wp-image-522\" alt=\"Estudio de la pisada con la Cl\u00ednica Podol\u00f3gica Pablo P\u00e9rez Deviz, Aspe\" srcset=\"https:\/\/pablodevispodologia.com\/wp-content\/uploads\/2022\/11\/bio-1024x1024.png 1024w, https:\/\/pablodevispodologia.com\/wp-content\/uploads\/2022\/11\/bio-300x300.png 300w, https:\/\/pablodevispodologia.com\/wp-content\/uploads\/2022\/11\/bio-150x150.png 150w, https:\/\/pablodevispodologia.com\/wp-content\/uploads\/2022\/11\/bio-768x768.png 768w, https:\/\/pablodevispodologia.com\/wp-content\/uploads\/2022\/11\/bio.png 1080w\" sizes=\"(max-width: 1024px) 100vw, 1024px\" \/>\t\t\t\t\t\t\t\t\t\t\t\t\t\t\t<\/div>\n\t\t\t\t<\/div>\n\t\t\t\t<div class=\"elementor-element elementor-element-64501fb elementor-widget elementor-widget-heading\" data-id=\"64501fb\" data-element_type=\"widget\" data-e-type=\"widget\" data-widget_type=\"heading.default\">\n\t\t\t\t<div class=\"elementor-widget-container\">\n\t\t\t\t\t<h3 class=\"elementor-heading-title elementor-size-default\">Estudio de la pisada\n<\/h3>\t\t\t\t<\/div>\n\t\t\t\t<\/div>\n\t\t\t\t<div class=\"elementor-element elementor-element-6a1c8ae elementor-widget elementor-widget-text-editor\" data-id=\"6a1c8ae\" data-element_type=\"widget\" data-e-type=\"widget\" data-widget_type=\"text-editor.default\">\n\t\t\t\t<div class=\"elementor-widget-container\">\n\t\t\t\t\t\t\t\t\t<p>Un estudio de la pisada consiste en analizar el comportamiento del pie en descarga (sin el peso corporal del paciente), en carga (soportando el peso corporal del paciente) y durante el movimiento, para analizar cu\u00e1l puede ser el origen del problema o la manera de prevenirlo antes de que aparezca y qu\u00e9 influencia est\u00e1 teniendo sobre otras estructuras como el tobillo, la rodilla, la cadera y la columna.<\/p>\t\t\t\t\t\t\t\t<\/div>\n\t\t\t\t<\/div>\n\t\t\t\t<div class=\"elementor-element elementor-element-4c43952 elementor-align-center elementor-widget elementor-widget-button\" data-id=\"4c43952\" data-element_type=\"widget\" data-e-type=\"widget\" data-widget_type=\"button.default\">\n\t\t\t\t<div class=\"elementor-widget-container\">\n\t\t\t\t\t\t\t\t\t<div class=\"elementor-button-wrapper\">\n\t\t\t\t\t<a class=\"elementor-button elementor-button-link elementor-size-sm elementor-animation-shrink\" href=\"https:\/\/pablodevispodologia.com\/index.php\/e\/\">\n\t\t\t\t\t\t<span class=\"elementor-button-content-wrapper\">\n\t\t\t\t\t\t\t\t\t<span class=\"elementor-button-text\">Saber m\u00e1s<\/span>\n\t\t\t\t\t<\/span>\n\t\t\t\t\t<\/a>\n\t\t\t\t<\/div>\n\t\t\t\t\t\t\t\t<\/div>\n\t\t\t\t<\/div>\n\t\t\t\t\t<\/div>\n\t\t<\/div>\n\t\t\t\t<div class=\"elementor-column elementor-col-33 elementor-inner-column elementor-element elementor-element-b12b5bc\" data-id=\"b12b5bc\" data-element_type=\"column\" data-e-type=\"column\" data-settings=\"{&quot;background_background&quot;:&quot;classic&quot;}\">\n\t\t\t<div class=\"elementor-widget-wrap elementor-element-populated\">\n\t\t\t\t\t\t<div class=\"elementor-element elementor-element-82b2d21 elementor-widget elementor-widget-image\" data-id=\"82b2d21\" data-element_type=\"widget\" data-e-type=\"widget\" data-widget_type=\"image.default\">\n\t\t\t\t<div class=\"elementor-widget-container\">\n\t\t\t\t\t\t\t\t\t\t\t\t\t\t\t<img loading=\"lazy\" decoding=\"async\" width=\"600\" height=\"600\" src=\"https:\/\/pablodevispodologia.com\/wp-content\/uploads\/2022\/11\/pai.jpg\" class=\"attachment-large size-large wp-image-569\" alt=\"Tratamiento de hongos y papilomas en el pie. Pod\u00f3logo en Aspe\" srcset=\"https:\/\/pablodevispodologia.com\/wp-content\/uploads\/2022\/11\/pai.jpg 600w, https:\/\/pablodevispodologia.com\/wp-content\/uploads\/2022\/11\/pai-300x300.jpg 300w, https:\/\/pablodevispodologia.com\/wp-content\/uploads\/2022\/11\/pai-150x150.jpg 150w\" sizes=\"(max-width: 600px) 100vw, 600px\" \/>\t\t\t\t\t\t\t\t\t\t\t\t\t\t\t<\/div>\n\t\t\t\t<\/div>\n\t\t\t\t<div class=\"elementor-element elementor-element-0e12f07 elementor-widget elementor-widget-heading\" data-id=\"0e12f07\" data-element_type=\"widget\" data-e-type=\"widget\" data-widget_type=\"heading.default\">\n\t\t\t\t<div class=\"elementor-widget-container\">\n\t\t\t\t\t<h3 class=\"elementor-heading-title elementor-size-default\">Hongos y papilomas<\/h3>\t\t\t\t<\/div>\n\t\t\t\t<\/div>\n\t\t\t\t<div class=\"elementor-element elementor-element-c7b0489 elementor-widget elementor-widget-text-editor\" data-id=\"c7b0489\" data-element_type=\"widget\" data-e-type=\"widget\" data-widget_type=\"text-editor.default\">\n\t\t\t\t<div class=\"elementor-widget-container\">\n\t\t\t\t\t\t\t\t\t<p>Los papilomas, son virus que afectan a toda la poblaci\u00f3n, se dan m\u00e1s frecuentemente en ni\u00f1os y j\u00f3venes. Al ser contagioso y diseminarse, deben resolverse lo m\u00e1s precozmente posible.<\/p><p>El uso de \u00e1cidos t\u00f3picos puede tambi\u00e9n ser muy \u00fatil en el tratamiento de los papilomas plantares.\u00a0<\/p>\t\t\t\t\t\t\t\t<\/div>\n\t\t\t\t<\/div>\n\t\t\t\t<div class=\"elementor-element elementor-element-62f1316 elementor-align-center elementor-widget elementor-widget-button\" data-id=\"62f1316\" data-element_type=\"widget\" data-e-type=\"widget\" data-widget_type=\"button.default\">\n\t\t\t\t<div class=\"elementor-widget-container\">\n\t\t\t\t\t\t\t\t\t<div class=\"elementor-button-wrapper\">\n\t\t\t\t\t<a class=\"elementor-button elementor-button-link elementor-size-sm elementor-animation-shrink\" href=\"https:\/\/pablodevispodologia.com\/index.php\/papiloma-o-verruga-plantar\/\">\n\t\t\t\t\t\t<span class=\"elementor-button-content-wrapper\">\n\t\t\t\t\t\t\t\t\t<span class=\"elementor-button-text\">Saber m\u00e1s<\/span>\n\t\t\t\t\t<\/span>\n\t\t\t\t\t<\/a>\n\t\t\t\t<\/div>\n\t\t\t\t\t\t\t\t<\/div>\n\t\t\t\t<\/div>\n\t\t\t\t\t<\/div>\n\t\t<\/div>\n\t\t\t\t\t<\/div>\n\t\t<\/section>\n\t\t\t\t<section class=\"elementor-section elementor-inner-section elementor-element elementor-element-634f0e2 elementor-section-boxed elementor-section-height-default elementor-section-height-default\" data-id=\"634f0e2\" data-element_type=\"section\" data-e-type=\"section\">\n\t\t\t\t\t\t<div class=\"elementor-container elementor-column-gap-wide\">\n\t\t\t\t\t<div class=\"elementor-column elementor-col-33 elementor-inner-column elementor-element elementor-element-91f0702\" data-id=\"91f0702\" data-element_type=\"column\" data-e-type=\"column\" data-settings=\"{&quot;background_background&quot;:&quot;classic&quot;}\">\n\t\t\t<div class=\"elementor-widget-wrap elementor-element-populated\">\n\t\t\t\t\t\t<div class=\"elementor-element elementor-element-764bb10 elementor-widget elementor-widget-image\" data-id=\"764bb10\" data-element_type=\"widget\" data-e-type=\"widget\" data-widget_type=\"image.default\">\n\t\t\t\t<div class=\"elementor-widget-container\">\n\t\t\t\t\t\t\t\t\t\t\t\t\t\t\t<img loading=\"lazy\" decoding=\"async\" width=\"450\" height=\"300\" src=\"https:\/\/pablodevispodologia.com\/wp-content\/uploads\/2022\/11\/una.jpg\" class=\"attachment-large size-large wp-image-636\" alt=\"Tratamiento de u\u00f1as encarnadas con la Cl\u00ednica Podol\u00f3gica Pablo P\u00e9rez Deviz, Aspe\" srcset=\"https:\/\/pablodevispodologia.com\/wp-content\/uploads\/2022\/11\/una.jpg 450w, https:\/\/pablodevispodologia.com\/wp-content\/uploads\/2022\/11\/una-300x200.jpg 300w\" sizes=\"(max-width: 450px) 100vw, 450px\" \/>\t\t\t\t\t\t\t\t\t\t\t\t\t\t\t<\/div>\n\t\t\t\t<\/div>\n\t\t\t\t<div class=\"elementor-element elementor-element-82e372c elementor-widget elementor-widget-heading\" data-id=\"82e372c\" data-element_type=\"widget\" data-e-type=\"widget\" data-widget_type=\"heading.default\">\n\t\t\t\t<div class=\"elementor-widget-container\">\n\t\t\t\t\t<h3 class=\"elementor-heading-title elementor-size-default\">U\u00f1as encarnadas\n<\/h3>\t\t\t\t<\/div>\n\t\t\t\t<\/div>\n\t\t\t\t<div class=\"elementor-element elementor-element-dd188c5 elementor-widget elementor-widget-text-editor\" data-id=\"dd188c5\" data-element_type=\"widget\" data-e-type=\"widget\" data-widget_type=\"text-editor.default\">\n\t\t\t\t<div class=\"elementor-widget-container\">\n\t\t\t\t\t\t\t\t\t<p>La\u00a0onicocriptosis,\u00a0llamada comunmente\u00a0u\u00f1a encarnada,\u00a0se produce cuando la u\u00f1a se clava en la piel del dedo.<\/p><p>Es una patolog\u00eda de tipo tramatico-inflamatorio, por un corte inadecuado de u\u00f1a, alteraci\u00f3n de los dedos, traumatismos.<\/p><p>La u\u00f1a encarnada puede cursar con inflamaci\u00f3n, eritema, infecci\u00f3n, hipertrofia de los rodetes ungeales, afectaci\u00f3n de todo el aparato ungueal con gran deformidad y dolor.<\/p>\t\t\t\t\t\t\t\t<\/div>\n\t\t\t\t<\/div>\n\t\t\t\t\t<\/div>\n\t\t<\/div>\n\t\t\t\t<div class=\"elementor-column elementor-col-33 elementor-inner-column elementor-element elementor-element-a8d1b48\" data-id=\"a8d1b48\" data-element_type=\"column\" data-e-type=\"column\" data-settings=\"{&quot;background_background&quot;:&quot;classic&quot;}\">\n\t\t\t<div class=\"elementor-widget-wrap elementor-element-populated\">\n\t\t\t\t\t\t<div class=\"elementor-element elementor-element-94c43b6 elementor-widget elementor-widget-image\" data-id=\"94c43b6\" data-element_type=\"widget\" data-e-type=\"widget\" data-widget_type=\"image.default\">\n\t\t\t\t<div class=\"elementor-widget-container\">\n\t\t\t\t\t\t\t\t\t\t\t\t\t\t\t<img loading=\"lazy\" decoding=\"async\" width=\"1024\" height=\"576\" src=\"https:\/\/pablodevispodologia.com\/wp-content\/uploads\/2022\/11\/silicona-1024x576.jpg\" class=\"attachment-large size-large wp-image-639\" alt=\"Servicio de ortesis de silicona con la Cl\u00ednica Podol\u00f3gica Pablo P\u00e9rez Deviz, Aspe\" srcset=\"https:\/\/pablodevispodologia.com\/wp-content\/uploads\/2022\/11\/silicona-1024x576.jpg 1024w, https:\/\/pablodevispodologia.com\/wp-content\/uploads\/2022\/11\/silicona-300x169.jpg 300w, https:\/\/pablodevispodologia.com\/wp-content\/uploads\/2022\/11\/silicona-768x432.jpg 768w, https:\/\/pablodevispodologia.com\/wp-content\/uploads\/2022\/11\/silicona.jpg 1223w\" sizes=\"(max-width: 1024px) 100vw, 1024px\" \/>\t\t\t\t\t\t\t\t\t\t\t\t\t\t\t<\/div>\n\t\t\t\t<\/div>\n\t\t\t\t<div class=\"elementor-element elementor-element-9a6e1b4 elementor-widget elementor-widget-heading\" data-id=\"9a6e1b4\" data-element_type=\"widget\" data-e-type=\"widget\" data-widget_type=\"heading.default\">\n\t\t\t\t<div class=\"elementor-widget-container\">\n\t\t\t\t\t<h3 class=\"elementor-heading-title elementor-size-default\">Ortesis de silicona<\/h3>\t\t\t\t<\/div>\n\t\t\t\t<\/div>\n\t\t\t\t<div class=\"elementor-element elementor-element-e193a7d elementor-widget elementor-widget-text-editor\" data-id=\"e193a7d\" data-element_type=\"widget\" data-e-type=\"widget\" data-widget_type=\"text-editor.default\">\n\t\t\t\t<div class=\"elementor-widget-container\">\n\t\t\t\t\t\t\t\t\t<p>Realizamos piezas de silicona tanto correctoras como paliativas. Consiguiendo solucionar en muchos casos problemas como dedo montados o callosidades que salen entre los dedos.<\/p><p>Estas piezas son una muy buena soluci\u00f3n para personas que padecen de patolog\u00edas relacionadas con los dedos y no quieren recurrir a la cirug\u00eda.<\/p>\t\t\t\t\t\t\t\t<\/div>\n\t\t\t\t<\/div>\n\t\t\t\t\t<\/div>\n\t\t<\/div>\n\t\t\t\t<div class=\"elementor-column elementor-col-33 elementor-inner-column elementor-element elementor-element-bc4c61c\" data-id=\"bc4c61c\" data-element_type=\"column\" data-e-type=\"column\" data-settings=\"{&quot;background_background&quot;:&quot;classic&quot;}\">\n\t\t\t<div class=\"elementor-widget-wrap elementor-element-populated\">\n\t\t\t\t\t\t<div class=\"elementor-element elementor-element-68cf664 elementor-widget elementor-widget-image\" data-id=\"68cf664\" data-element_type=\"widget\" data-e-type=\"widget\" data-widget_type=\"image.default\">\n\t\t\t\t<div class=\"elementor-widget-container\">\n\t\t\t\t\t\t\t\t\t\t\t\t\t\t\t<img loading=\"lazy\" decoding=\"async\" width=\"768\" height=\"441\" src=\"https:\/\/pablodevispodologia.com\/wp-content\/uploads\/2022\/11\/unia-768x441.png\" class=\"attachment-medium_large size-medium_large wp-image-644\" alt=\"Servicio de reconstrucci\u00f3n l\u00e1mina ungueal con la Cl\u00ednica Podol\u00f3gica Pablo P\u00e9rez Deviz, Aspe\" srcset=\"https:\/\/pablodevispodologia.com\/wp-content\/uploads\/2022\/11\/unia-768x441.png 768w, https:\/\/pablodevispodologia.com\/wp-content\/uploads\/2022\/11\/unia-300x172.png 300w, https:\/\/pablodevispodologia.com\/wp-content\/uploads\/2022\/11\/unia.png 971w\" sizes=\"(max-width: 768px) 100vw, 768px\" \/>\t\t\t\t\t\t\t\t\t\t\t\t\t\t\t<\/div>\n\t\t\t\t<\/div>\n\t\t\t\t<div class=\"elementor-element elementor-element-74cff47 elementor-widget elementor-widget-heading\" data-id=\"74cff47\" data-element_type=\"widget\" data-e-type=\"widget\" data-widget_type=\"heading.default\">\n\t\t\t\t<div class=\"elementor-widget-container\">\n\t\t\t\t\t<h3 class=\"elementor-heading-title elementor-size-default\">Reconstrucci\u00f3n l\u00e1mina ungueal<\/h3>\t\t\t\t<\/div>\n\t\t\t\t<\/div>\n\t\t\t\t<div class=\"elementor-element elementor-element-296bb12 elementor-widget elementor-widget-text-editor\" data-id=\"296bb12\" data-element_type=\"widget\" data-e-type=\"widget\" data-widget_type=\"text-editor.default\">\n\t\t\t\t<div class=\"elementor-widget-container\">\n\t\t\t\t\t\t\t\t\t<p>En nuestra cl\u00ednica podol\u00f3gica tenemos la soluci\u00f3n para las u\u00f1as que se han traumatizado por hongos, el running, el calzado de tac\u00f3n o golpes ocasionales.<\/p><p>Realizamos la reconstrucci\u00f3n de la lamina ungueal dejando una u\u00f1a totalmente est\u00e9tica para el verano. El proceso es totalmente indoloro, r\u00e1pido y sin efectos adversos para su u\u00f1a.<\/p>\t\t\t\t\t\t\t\t<\/div>\n\t\t\t\t<\/div>\n\t\t\t\t\t<\/div>\n\t\t<\/div>\n\t\t\t\t\t<\/div>\n\t\t<\/section>\n\t\t\t\t\t<\/div>\n\t\t<\/div>\n\t\t\t\t\t<\/div>\n\t\t<\/section>\n\t\t\t\t<\/div>\n\t\t","protected":false},"excerpt":{"rendered":"<p>Servicios podol\u00f3gicos Tratamientos y especialidades en podolog\u00eda Podolog\u00eda general Hiperqueratosis (durezas), Helomas (callos), Papiloma o Verruga Plantar, Pi\u00e9 de atleta, Onicocriptosis (u\u00f1a encarnada), Onicogrifosis (u\u00f1a engrosada), Hongos o micosis, Ortesis de silicona. Saber m\u00e1s Podolog\u00eda deportiva La podolog\u00eda deportiva conlleva numerosos beneficios, entre los que se encuentran: mejorar el rendimiento y evitar un n\u00famero importante [&hellip;]<\/p>\n","protected":false},"author":1,"featured_media":0,"parent":0,"menu_order":0,"comment_status":"closed","ping_status":"closed","template":"","meta":{"om_disable_all_campaigns":false,"_monsterinsights_skip_tracking":false,"_monsterinsights_sitenote_active":false,"_monsterinsights_sitenote_note":"","_monsterinsights_sitenote_category":0,"site-sidebar-layout":"no-sidebar","site-content-layout":"page-builder","ast-site-content-layout":"full-width-container","site-content-style":"unboxed","site-sidebar-style":"unboxed","ast-global-header-display":"","ast-banner-title-visibility":"","ast-main-header-display":"","ast-hfb-above-header-display":"","ast-hfb-below-header-display":"","ast-hfb-mobile-header-display":"","site-post-title":"disabled","ast-breadcrumbs-content":"","ast-featured-img":"disabled","footer-sml-layout":"","ast-disable-related-posts":"","theme-transparent-header-meta":"enabled","adv-header-id-meta":"","stick-header-meta":"","header-above-stick-meta":"","header-main-stick-meta":"","header-below-stick-meta":"","astra-migrate-meta-layouts":"set","ast-page-background-enabled":"default","ast-page-background-meta":{"desktop":{"background-color":"","background-image":"","background-repeat":"repeat","background-position":"center center","background-size":"auto","background-attachment":"scroll","background-type":"","background-media":"","overlay-type":"","overlay-color":"","overlay-opacity":"","overlay-gradient":""},"tablet":{"background-color":"","background-image":"","background-repeat":"repeat","background-position":"center center","background-size":"auto","background-attachment":"scroll","background-type":"","background-media":"","overlay-type":"","overlay-color":"","overlay-opacity":"","overlay-gradient":""},"mobile":{"background-color":"","background-image":"","background-repeat":"repeat","background-position":"center center","background-size":"auto","background-attachment":"scroll","background-type":"","background-media":"","overlay-type":"","overlay-color":"","overlay-opacity":"","overlay-gradient":""}},"ast-content-background-meta":{"desktop":{"background-color":"var(--ast-global-color-5)","background-image":"","background-repeat":"repeat","background-position":"center center","background-size":"auto","background-attachment":"scroll","background-type":"","background-media":"","overlay-type":"","overlay-color":"","overlay-opacity":"","overlay-gradient":""},"tablet":{"background-color":"var(--ast-global-color-5)","background-image":"","background-repeat":"repeat","background-position":"center center","background-size":"auto","background-attachment":"scroll","background-type":"","background-media":"","overlay-type":"","overlay-color":"","overlay-opacity":"","overlay-gradient":""},"mobile":{"background-color":"var(--ast-global-color-5)","background-image":"","background-repeat":"repeat","background-position":"center center","background-size":"auto","background-attachment":"scroll","background-type":"","background-media":"","overlay-type":"","overlay-color":"","overlay-opacity":"","overlay-gradient":""}},"footnotes":""},"class_list":["post-487","page","type-page","status-publish","hentry"],"yoast_head":"<!-- This site is optimized with the Yoast SEO plugin v27.4 - https:\/\/yoast.com\/product\/yoast-seo-wordpress\/ -->\n<title>Cl\u00ednica Podol\u00f3gica Pablo P\u00e9rez Devis | Podolog\u00eda general<\/title>\n<meta name=\"description\" content=\"Especialistas en podolog\u00eda deportiva, estudio de la pisada, plantillas y tratamientos avanzados del pie en Aspe. Tambi\u00e9n servicio a domicilio.\" \/>\n<meta name=\"robots\" content=\"index, follow, max-snippet:-1, max-image-preview:large, max-video-preview:-1\" \/>\n<link rel=\"canonical\" href=\"https:\/\/pablodevispodologia.com\/index.php\/servicios\/\" \/>\n<meta property=\"og:locale\" content=\"es_ES\" \/>\n<meta property=\"og:type\" content=\"article\" \/>\n<meta property=\"og:title\" content=\"Cl\u00ednica Podol\u00f3gica Pablo P\u00e9rez Devis | Podolog\u00eda general\" \/>\n<meta property=\"og:description\" content=\"Especialistas en podolog\u00eda deportiva, estudio de la pisada, plantillas y tratamientos avanzados del pie en Aspe. Tambi\u00e9n servicio a domicilio.\" \/>\n<meta property=\"og:url\" content=\"https:\/\/pablodevispodologia.com\/index.php\/servicios\/\" \/>\n<meta property=\"og:site_name\" content=\"Pablo Devis Podolog&iacute;a\" \/>\n<meta property=\"article:publisher\" content=\"https:\/\/www.facebook.com\/yoast\" \/>\n<meta property=\"article:modified_time\" content=\"2026-03-17T13:37:10+00:00\" \/>\n<meta property=\"og:image\" content=\"https:\/\/pablodevispodologia.com\/wp-content\/uploads\/2022\/11\/podo-general.jpg\" \/>\n\t<meta property=\"og:image:width\" content=\"800\" \/>\n\t<meta property=\"og:image:height\" content=\"740\" \/>\n\t<meta property=\"og:image:type\" content=\"image\/jpeg\" \/>\n<meta name=\"twitter:card\" content=\"summary_large_image\" \/>\n<meta name=\"twitter:label1\" content=\"Tiempo de lectura\" \/>\n\t<meta name=\"twitter:data1\" content=\"6 minutos\" \/>\n<script type=\"application\/ld+json\" class=\"yoast-schema-graph\">{\"@context\":\"https:\\\/\\\/schema.org\",\"@graph\":[{\"@type\":\"WebPage\",\"@id\":\"https:\\\/\\\/pablodevispodologia.com\\\/index.php\\\/servicios\\\/\",\"url\":\"https:\\\/\\\/pablodevispodologia.com\\\/index.php\\\/servicios\\\/\",\"name\":\"Cl\u00ednica Podol\u00f3gica Pablo P\u00e9rez Devis | Podolog\u00eda general\",\"isPartOf\":{\"@id\":\"https:\\\/\\\/pablodevispodologia.com\\\/#website\"},\"primaryImageOfPage\":{\"@id\":\"https:\\\/\\\/pablodevispodologia.com\\\/index.php\\\/servicios\\\/#primaryimage\"},\"image\":{\"@id\":\"https:\\\/\\\/pablodevispodologia.com\\\/index.php\\\/servicios\\\/#primaryimage\"},\"thumbnailUrl\":\"https:\\\/\\\/pablodevispodologia.com\\\/wp-content\\\/uploads\\\/2022\\\/11\\\/podo-general.jpg\",\"datePublished\":\"2021-04-29T07:04:54+00:00\",\"dateModified\":\"2026-03-17T13:37:10+00:00\",\"description\":\"Especialistas en podolog\u00eda deportiva, estudio de la pisada, plantillas y tratamientos avanzados del pie en Aspe. Tambi\u00e9n servicio a domicilio.\",\"breadcrumb\":{\"@id\":\"https:\\\/\\\/pablodevispodologia.com\\\/index.php\\\/servicios\\\/#breadcrumb\"},\"inLanguage\":\"es\",\"potentialAction\":[{\"@type\":\"ReadAction\",\"target\":[\"https:\\\/\\\/pablodevispodologia.com\\\/index.php\\\/servicios\\\/\"]}]},{\"@type\":\"ImageObject\",\"inLanguage\":\"es\",\"@id\":\"https:\\\/\\\/pablodevispodologia.com\\\/index.php\\\/servicios\\\/#primaryimage\",\"url\":\"https:\\\/\\\/pablodevispodologia.com\\\/wp-content\\\/uploads\\\/2022\\\/11\\\/podo-general.jpg\",\"contentUrl\":\"https:\\\/\\\/pablodevispodologia.com\\\/wp-content\\\/uploads\\\/2022\\\/11\\\/podo-general.jpg\",\"width\":800,\"height\":740,\"caption\":\"Servicio de podolog\u00eda general con la Cl\u00ednica Podol\u00f3gica Pablo P\u00e9rez Devis, Aspe.\"},{\"@type\":\"BreadcrumbList\",\"@id\":\"https:\\\/\\\/pablodevispodologia.com\\\/index.php\\\/servicios\\\/#breadcrumb\",\"itemListElement\":[{\"@type\":\"ListItem\",\"position\":1,\"name\":\"Portada\",\"item\":\"https:\\\/\\\/pablodevispodologia.com\\\/\"},{\"@type\":\"ListItem\",\"position\":2,\"name\":\"Servicios\"}]},{\"@type\":\"WebSite\",\"@id\":\"https:\\\/\\\/pablodevispodologia.com\\\/#website\",\"url\":\"https:\\\/\\\/pablodevispodologia.com\\\/\",\"name\":\"Pablo Devis Podolog&iacute;a\",\"description\":\"\",\"publisher\":{\"@id\":\"https:\\\/\\\/pablodevispodologia.com\\\/#organization\"},\"alternateName\":\"Cl\u00ednica Podol\u00f3gica Pablo Devis\",\"potentialAction\":[{\"@type\":\"SearchAction\",\"target\":{\"@type\":\"EntryPoint\",\"urlTemplate\":\"https:\\\/\\\/pablodevispodologia.com\\\/?s={search_term_string}\"},\"query-input\":{\"@type\":\"PropertyValueSpecification\",\"valueRequired\":true,\"valueName\":\"search_term_string\"}}],\"inLanguage\":\"es\"},{\"@type\":\"Organization\",\"@id\":\"https:\\\/\\\/pablodevispodologia.com\\\/#organization\",\"name\":\"Pablo Devis Podolog&iacute;a\",\"alternateName\":\"Cl\u00ednica Podol\u00f3gica Pablo Devis\",\"url\":\"https:\\\/\\\/pablodevispodologia.com\\\/\",\"logo\":{\"@type\":\"ImageObject\",\"inLanguage\":\"es\",\"@id\":\"https:\\\/\\\/pablodevispodologia.com\\\/#\\\/schema\\\/logo\\\/image\\\/\",\"url\":\"https:\\\/\\\/pablodevispodologia.com\\\/wp-content\\\/uploads\\\/2021\\\/04\\\/Anadir-un-titulo-Sitio-web-2.png\",\"contentUrl\":\"https:\\\/\\\/pablodevispodologia.com\\\/wp-content\\\/uploads\\\/2021\\\/04\\\/Anadir-un-titulo-Sitio-web-2.png\",\"width\":4098,\"height\":2304,\"caption\":\"Pablo Devis Podolog&iacute;a\"},\"image\":{\"@id\":\"https:\\\/\\\/pablodevispodologia.com\\\/#\\\/schema\\\/logo\\\/image\\\/\"},\"sameAs\":[\"https:\\\/\\\/www.facebook.com\\\/yoast\",\"https:\\\/\\\/www.instagram.com\\\/pabloperezpodologo\\\/yoast\"]}]}<\/script>\n<!-- \/ Yoast SEO plugin. -->","yoast_head_json":{"title":"Cl\u00ednica Podol\u00f3gica Pablo P\u00e9rez Devis | Podolog\u00eda general","description":"Especialistas en podolog\u00eda deportiva, estudio de la pisada, plantillas y tratamientos avanzados del pie en Aspe. Tambi\u00e9n servicio a domicilio.","robots":{"index":"index","follow":"follow","max-snippet":"max-snippet:-1","max-image-preview":"max-image-preview:large","max-video-preview":"max-video-preview:-1"},"canonical":"https:\/\/pablodevispodologia.com\/index.php\/servicios\/","og_locale":"es_ES","og_type":"article","og_title":"Cl\u00ednica Podol\u00f3gica Pablo P\u00e9rez Devis | Podolog\u00eda general","og_description":"Especialistas en podolog\u00eda deportiva, estudio de la pisada, plantillas y tratamientos avanzados del pie en Aspe. Tambi\u00e9n servicio a domicilio.","og_url":"https:\/\/pablodevispodologia.com\/index.php\/servicios\/","og_site_name":"Pablo Devis Podolog&iacute;a","article_publisher":"https:\/\/www.facebook.com\/yoast","article_modified_time":"2026-03-17T13:37:10+00:00","og_image":[{"width":800,"height":740,"url":"https:\/\/pablodevispodologia.com\/wp-content\/uploads\/2022\/11\/podo-general.jpg","type":"image\/jpeg"}],"twitter_card":"summary_large_image","twitter_misc":{"Tiempo de lectura":"6 minutos"},"schema":{"@context":"https:\/\/schema.org","@graph":[{"@type":"WebPage","@id":"https:\/\/pablodevispodologia.com\/index.php\/servicios\/","url":"https:\/\/pablodevispodologia.com\/index.php\/servicios\/","name":"Cl\u00ednica Podol\u00f3gica Pablo P\u00e9rez Devis | Podolog\u00eda general","isPartOf":{"@id":"https:\/\/pablodevispodologia.com\/#website"},"primaryImageOfPage":{"@id":"https:\/\/pablodevispodologia.com\/index.php\/servicios\/#primaryimage"},"image":{"@id":"https:\/\/pablodevispodologia.com\/index.php\/servicios\/#primaryimage"},"thumbnailUrl":"https:\/\/pablodevispodologia.com\/wp-content\/uploads\/2022\/11\/podo-general.jpg","datePublished":"2021-04-29T07:04:54+00:00","dateModified":"2026-03-17T13:37:10+00:00","description":"Especialistas en podolog\u00eda deportiva, estudio de la pisada, plantillas y tratamientos avanzados del pie en Aspe. Tambi\u00e9n servicio a domicilio.","breadcrumb":{"@id":"https:\/\/pablodevispodologia.com\/index.php\/servicios\/#breadcrumb"},"inLanguage":"es","potentialAction":[{"@type":"ReadAction","target":["https:\/\/pablodevispodologia.com\/index.php\/servicios\/"]}]},{"@type":"ImageObject","inLanguage":"es","@id":"https:\/\/pablodevispodologia.com\/index.php\/servicios\/#primaryimage","url":"https:\/\/pablodevispodologia.com\/wp-content\/uploads\/2022\/11\/podo-general.jpg","contentUrl":"https:\/\/pablodevispodologia.com\/wp-content\/uploads\/2022\/11\/podo-general.jpg","width":800,"height":740,"caption":"Servicio de podolog\u00eda general con la Cl\u00ednica Podol\u00f3gica Pablo P\u00e9rez Devis, Aspe."},{"@type":"BreadcrumbList","@id":"https:\/\/pablodevispodologia.com\/index.php\/servicios\/#breadcrumb","itemListElement":[{"@type":"ListItem","position":1,"name":"Portada","item":"https:\/\/pablodevispodologia.com\/"},{"@type":"ListItem","position":2,"name":"Servicios"}]},{"@type":"WebSite","@id":"https:\/\/pablodevispodologia.com\/#website","url":"https:\/\/pablodevispodologia.com\/","name":"Pablo Devis Podolog&iacute;a","description":"","publisher":{"@id":"https:\/\/pablodevispodologia.com\/#organization"},"alternateName":"Cl\u00ednica Podol\u00f3gica Pablo Devis","potentialAction":[{"@type":"SearchAction","target":{"@type":"EntryPoint","urlTemplate":"https:\/\/pablodevispodologia.com\/?s={search_term_string}"},"query-input":{"@type":"PropertyValueSpecification","valueRequired":true,"valueName":"search_term_string"}}],"inLanguage":"es"},{"@type":"Organization","@id":"https:\/\/pablodevispodologia.com\/#organization","name":"Pablo Devis Podolog&iacute;a","alternateName":"Cl\u00ednica Podol\u00f3gica Pablo Devis","url":"https:\/\/pablodevispodologia.com\/","logo":{"@type":"ImageObject","inLanguage":"es","@id":"https:\/\/pablodevispodologia.com\/#\/schema\/logo\/image\/","url":"https:\/\/pablodevispodologia.com\/wp-content\/uploads\/2021\/04\/Anadir-un-titulo-Sitio-web-2.png","contentUrl":"https:\/\/pablodevispodologia.com\/wp-content\/uploads\/2021\/04\/Anadir-un-titulo-Sitio-web-2.png","width":4098,"height":2304,"caption":"Pablo Devis Podolog&iacute;a"},"image":{"@id":"https:\/\/pablodevispodologia.com\/#\/schema\/logo\/image\/"},"sameAs":["https:\/\/www.facebook.com\/yoast","https:\/\/www.instagram.com\/pabloperezpodologo\/yoast"]}]}},"_links":{"self":[{"href":"https:\/\/pablodevispodologia.com\/index.php\/wp-json\/wp\/v2\/pages\/487","targetHints":{"allow":["GET"]}}],"collection":[{"href":"https:\/\/pablodevispodologia.com\/index.php\/wp-json\/wp\/v2\/pages"}],"about":[{"href":"https:\/\/pablodevispodologia.com\/index.php\/wp-json\/wp\/v2\/types\/page"}],"author":[{"embeddable":true,"href":"https:\/\/pablodevispodologia.com\/index.php\/wp-json\/wp\/v2\/users\/1"}],"replies":[{"embeddable":true,"href":"https:\/\/pablodevispodologia.com\/index.php\/wp-json\/wp\/v2\/comments?post=487"}],"version-history":[{"count":84,"href":"https:\/\/pablodevispodologia.com\/index.php\/wp-json\/wp\/v2\/pages\/487\/revisions"}],"predecessor-version":[{"id":1430,"href":"https:\/\/pablodevispodologia.com\/index.php\/wp-json\/wp\/v2\/pages\/487\/revisions\/1430"}],"wp:attachment":[{"href":"https:\/\/pablodevispodologia.com\/index.php\/wp-json\/wp\/v2\/media?parent=487"}],"curies":[{"name":"wp","href":"https:\/\/api.w.org\/{rel}","templated":true}]}}